{"id":2165,"date":"2022-08-18T15:59:14","date_gmt":"2022-08-18T13:59:14","guid":{"rendered":"http:\/\/foyerruralfayencetourrettes.org\/?page_id=2165"},"modified":"2026-07-30T18:36:47","modified_gmt":"2026-07-30T16:36:47","slug":"cirque","status":"publish","type":"page","link":"http:\/\/foyerruralfayencetourrettes.org\/index.php\/activites\/enfants\/cirque\/","title":{"rendered":"CIRQUE"},"content":{"rendered":"\n<div class=\"wp-block-media-text alignwide is-stacked-on-mobile\" style=\"grid-template-columns:46% auto\"><figure class=\"wp-block-media-text__media\"><img decoding=\"async\" src=\"http:\/\/foyerruralfayencetourrettes.org\/wp-content\/uploads\/2026\/07\/2026_CIRQUE_AlainV_IMG_10305-copie_HiRes.jpg\" alt=\"\" class=\"wp-image-4968 size-large\"\/><\/figure><div class=\"wp-block-media-text__content\">\n<p style=\"font-size:28px\"><mark style=\"background-color:rgba(0, 0, 0, 0)\" class=\"has-inline-color has-vivid-red-color\"><strong>Initiation      Mime <\/strong><\/mark><\/p>\n\n\n\n<p class=\"has-vivid-red-color has-text-color\" style=\"font-size:28px\"><mark style=\"background-color:rgba(0, 0, 0, 0)\" class=\"has-inline-color has-vivid-cyan-blue-color\"><strong>Jonglage      Acrobaties<\/strong><\/mark><\/p>\n\n\n\n<p style=\"font-size:28px\"><mark style=\"background-color:rgba(0, 0, 0, 0)\" class=\"has-inline-color has-vivid-green-cyan-color\"><strong>Equilibre sur boule <\/strong><\/mark><\/p>\n<\/div><\/div>\n\n\n\n<ul style=\"font-size:25px\">\n<li><strong> <mark style=\"background-color:rgba(0, 0, 0, 0)\" class=\"has-inline-color has-luminous-vivid-amber-color\">MILLE-CLUBS<\/mark><\/strong> <strong><mark style=\"background-color:rgba(0, 0, 0, 0)\" class=\"has-inline-color has-luminous-vivid-amber-color\">Fayence<\/mark><\/strong><\/li>\n<\/ul>\n\n\n\n<p class=\"has-medium-font-size\"><strong>Le Mardi  de 17h00 \u00e0 18h00  &#8211;  d\u00e9butants 5\/7ans <\/strong><\/p>\n\n\n\n<p class=\"has-medium-font-size\"><strong>Le Mardi de 18h00 \u00e0 19h &#8211; interm\u00e9diaires  D\u00e8s 8 ans<\/strong><\/p>\n\n\n\n<p style=\"font-size:22px\"><strong>\u21d2<mark style=\"background-color:rgba(0, 0, 0, 0);color:#75d100\" class=\"has-inline-color\"> Emma VERSAVEL<\/mark><mark style=\"background-color:rgba(0, 0, 0, 0)\" class=\"has-inline-color has-vivid-green-cyan-color\">: <\/mark>06 10 15 91 07 <\/strong><\/p>\n\n\n\n<h4 class=\"wp-block-heading has-vivid-purple-color has-text-color\" style=\"font-size:30px\"><strong>Tarif&nbsp;: 150<sup>\u20ac <\/sup>\/an + 25\u20ac adh\u00e9sion<\/strong> <strong>(- de 18 ans)<\/strong><\/h4>\n\n\n\n<h2 class=\"wp-block-heading\"><mark style=\"background-color:rgba(0, 0, 0, 0)\" class=\"has-inline-color has-vivid-red-color\">Le Cirque en images<\/mark><\/h2>\n\n\n\n<figure class=\"wp-block-gallery has-nested-images columns-default is-cropped wp-block-gallery-1 is-layout-flex\">\n<figure class=\"wp-block-image size-large\"><img decoding=\"async\" loading=\"lazy\" width=\"683\" height=\"1024\" data-id=\"4963\"  src=\"http:\/\/foyerruralfayencetourrettes.org\/wp-content\/uploads\/2026\/07\/2026_CIRQUE_AlainV_IMG_9268-copie_HiRes-683x1024.jpg\" alt=\"\" class=\"wp-image-4963\" srcset=\"http:\/\/foyerruralfayencetourrettes.org\/wp-content\/uploads\/2026\/07\/2026_CIRQUE_AlainV_IMG_9268-copie_HiRes-683x1024.jpg 683w, http:\/\/foyerruralfayencetourrettes.org\/wp-content\/uploads\/2026\/07\/2026_CIRQUE_AlainV_IMG_9268-copie_HiRes-200x300.jpg 200w, http:\/\/foyerruralfayencetourrettes.org\/wp-content\/uploads\/2026\/07\/2026_CIRQUE_AlainV_IMG_9268-copie_HiRes-768x1152.jpg 768w, http:\/\/foyerruralfayencetourrettes.org\/wp-content\/uploads\/2026\/07\/2026_CIRQUE_AlainV_IMG_9268-copie_HiRes-scaled.jpg 1707w\" sizes=\"(max-width: 683px) 100vw, 683px\" \/><\/figure>\n\n\n\n<figure class=\"wp-block-image size-large\"><img decoding=\"async\" loading=\"lazy\" width=\"1024\" height=\"683\" data-id=\"2732\"  src=\"http:\/\/foyerruralfayencetourrettes.org\/wp-content\/uploads\/2023\/01\/cirque-2-1024x683.jpg\" alt=\"\" class=\"wp-image-2732\" srcset=\"http:\/\/foyerruralfayencetourrettes.org\/wp-content\/uploads\/2023\/01\/cirque-2-1024x683.jpg 1024w, http:\/\/foyerruralfayencetourrettes.org\/wp-content\/uploads\/2023\/01\/cirque-2-300x200.jpg 300w, http:\/\/foyerruralfayencetourrettes.org\/wp-content\/uploads\/2023\/01\/cirque-2-768x512.jpg 768w, http:\/\/foyerruralfayencetourrettes.org\/wp-content\/uploads\/2023\/01\/cirque-2-1536x1024.jpg 1536w, http:\/\/foyerruralfayencetourrettes.org\/wp-content\/uploads\/2023\/01\/cirque-2-2048x1365.jpg 2048w\" sizes=\"(max-width: 1024px) 100vw, 1024px\" \/><\/figure>\n\n\n\n<figure class=\"wp-block-image size-large\"><img decoding=\"async\" loading=\"lazy\" width=\"1024\" height=\"683\" data-id=\"4964\"  src=\"http:\/\/foyerruralfayencetourrettes.org\/wp-content\/uploads\/2026\/07\/2026_CIRQUE_AlainV_IMG_9351-copie_HiRes-1024x683.jpg\" alt=\"\" class=\"wp-image-4964\" srcset=\"http:\/\/foyerruralfayencetourrettes.org\/wp-content\/uploads\/2026\/07\/2026_CIRQUE_AlainV_IMG_9351-copie_HiRes-1024x683.jpg 1024w, http:\/\/foyerruralfayencetourrettes.org\/wp-content\/uploads\/2026\/07\/2026_CIRQUE_AlainV_IMG_9351-copie_HiRes-300x200.jpg 300w, http:\/\/foyerruralfayencetourrettes.org\/wp-content\/uploads\/2026\/07\/2026_CIRQUE_AlainV_IMG_9351-copie_HiRes-768x512.jpg 768w\" sizes=\"(max-width: 1024px) 100vw, 1024px\" \/><\/figure>\n\n\n\n<figure class=\"wp-block-image size-full\"><img decoding=\"async\" data-id=\"4965\"  src=\"http:\/\/foyerruralfayencetourrettes.org\/wp-content\/uploads\/2026\/07\/2026_CIRQUE_AlainV_IMG_9426-copie_HiRes.jpg\" alt=\"\" class=\"wp-image-4965\"\/><\/figure>\n\n\n\n<figure class=\"wp-block-image size-large\"><img decoding=\"async\" loading=\"lazy\" width=\"1024\" height=\"1024\" data-id=\"2737\"  src=\"http:\/\/foyerruralfayencetourrettes.org\/wp-content\/uploads\/2023\/01\/cirque-6-1024x1024.jpg\" alt=\"\" class=\"wp-image-2737\" srcset=\"http:\/\/foyerruralfayencetourrettes.org\/wp-content\/uploads\/2023\/01\/cirque-6-1024x1024.jpg 1024w, http:\/\/foyerruralfayencetourrettes.org\/wp-content\/uploads\/2023\/01\/cirque-6-300x300.jpg 300w, http:\/\/foyerruralfayencetourrettes.org\/wp-content\/uploads\/2023\/01\/cirque-6-150x150.jpg 150w, http:\/\/foyerruralfayencetourrettes.org\/wp-content\/uploads\/2023\/01\/cirque-6-768x768.jpg 768w, http:\/\/foyerruralfayencetourrettes.org\/wp-content\/uploads\/2023\/01\/cirque-6-1536x1536.jpg 1536w, http:\/\/foyerruralfayencetourrettes.org\/wp-content\/uploads\/2023\/01\/cirque-6-2048x2048.jpg 2048w, http:\/\/foyerruralfayencetourrettes.org\/wp-content\/uploads\/2023\/01\/cirque-6-180x180.jpg 180w\" sizes=\"(max-width: 1024px) 100vw, 1024px\" \/><\/figure>\n\n\n\n<figure class=\"wp-block-image size-full\"><img decoding=\"async\" loading=\"lazy\" width=\"1707\" height=\"2560\" data-id=\"4966\"  src=\"http:\/\/foyerruralfayencetourrettes.org\/wp-content\/uploads\/2026\/07\/2026_CIRQUE_AlainV_IMG_10143-copie_HiRes-scaled.jpg\" alt=\"\" class=\"wp-image-4966\" srcset=\"http:\/\/foyerruralfayencetourrettes.org\/wp-content\/uploads\/2026\/07\/2026_CIRQUE_AlainV_IMG_10143-copie_HiRes-scaled.jpg 1707w, http:\/\/foyerruralfayencetourrettes.org\/wp-content\/uploads\/2026\/07\/2026_CIRQUE_AlainV_IMG_10143-copie_HiRes-200x300.jpg 200w\" sizes=\"(max-width: 1707px) 100vw, 1707px\" \/><\/figure>\n\n\n\n<figure class=\"wp-block-image size-large\"><img decoding=\"async\" loading=\"lazy\" width=\"2560\" height=\"1584\" data-id=\"4967\"  src=\"http:\/\/foyerruralfayencetourrettes.org\/wp-content\/uploads\/2026\/07\/MG_9527-copie-scaled.jpg\" alt=\"\" class=\"wp-image-4967\" srcset=\"http:\/\/foyerruralfayencetourrettes.org\/wp-content\/uploads\/2026\/07\/MG_9527-copie-scaled.jpg 2560w, http:\/\/foyerruralfayencetourrettes.org\/wp-content\/uploads\/2026\/07\/MG_9527-copie-300x186.jpg 300w\" sizes=\"(max-width: 2560px) 100vw, 2560px\" \/><\/figure>\n<\/figure>\n\n\n\n<p><\/p>\n","protected":false},"excerpt":{"rendered":"<p>Initiation Mime Jonglage Acrobaties Equilibre sur boule Le Mardi de 17h00 \u00e0 18h00 &#8211; d\u00e9butants 5\/7ans Le Mardi de 18h00 \u00e0 19h &#8211; interm\u00e9diaires D\u00e8s 8 ans \u21d2 Emma VERSAVEL: 06 10 15 91 07 Tarif&nbsp;: 150\u20ac \/an + 25\u20ac adh\u00e9sion (- de 18 ans) Le Cirque en images<\/p>\n","protected":false},"author":1,"featured_media":0,"parent":139,"menu_order":3,"comment_status":"closed","ping_status":"closed","template":"","meta":[],"_links":{"self":[{"href":"http:\/\/foyerruralfayencetourrettes.org\/index.php\/wp-json\/wp\/v2\/pages\/2165"}],"collection":[{"href":"http:\/\/foyerruralfayencetourrettes.org\/index.php\/wp-json\/wp\/v2\/pages"}],"about":[{"href":"http:\/\/foyerruralfayencetourrettes.org\/index.php\/wp-json\/wp\/v2\/types\/page"}],"author":[{"embeddable":true,"href":"http:\/\/foyerruralfayencetourrettes.org\/index.php\/wp-json\/wp\/v2\/users\/1"}],"replies":[{"embeddable":true,"href":"http:\/\/foyerruralfayencetourrettes.org\/index.php\/wp-json\/wp\/v2\/comments?post=2165"}],"version-history":[{"count":16,"href":"http:\/\/foyerruralfayencetourrettes.org\/index.php\/wp-json\/wp\/v2\/pages\/2165\/revisions"}],"predecessor-version":[{"id":4969,"href":"http:\/\/foyerruralfayencetourrettes.org\/index.php\/wp-json\/wp\/v2\/pages\/2165\/revisions\/4969"}],"up":[{"embeddable":true,"href":"http:\/\/foyerruralfayencetourrettes.org\/index.php\/wp-json\/wp\/v2\/pages\/139"}],"wp:attachment":[{"href":"http:\/\/foyerruralfayencetourrettes.org\/index.php\/wp-json\/wp\/v2\/media?parent=2165"}],"curies":[{"name":"wp","href":"https:\/\/api.w.org\/{rel}","templated":true}]}}