{"id":510,"date":"2018-03-20T14:10:39","date_gmt":"2018-03-20T13:10:39","guid":{"rendered":"http:\/\/foyerruralfayencetourrettes.org\/?page_id=510"},"modified":"2025-08-10T18:55:08","modified_gmt":"2025-08-10T16:55:08","slug":"atelier-dexpressions-artistiques","status":"publish","type":"page","link":"http:\/\/foyerruralfayencetourrettes.org\/index.php\/activites\/creations\/atelier-dexpressions-artistiques\/","title":{"rendered":"EXPRESSION ARTISTIQUE"},"content":{"rendered":"\n<div class=\"wp-block-media-text alignwide is-stacked-on-mobile\"><figure class=\"wp-block-media-text__media\"><img decoding=\"async\" loading=\"lazy\" width=\"474\" height=\"315\" src=\"http:\/\/foyerruralfayencetourrettes.org\/wp-content\/uploads\/2024\/08\/image-5.png\" alt=\"\" class=\"wp-image-3948 size-full\" srcset=\"http:\/\/foyerruralfayencetourrettes.org\/wp-content\/uploads\/2024\/08\/image-5.png 474w, http:\/\/foyerruralfayencetourrettes.org\/wp-content\/uploads\/2024\/08\/image-5-300x199.png 300w\" sizes=\"(max-width: 474px) 100vw, 474px\" \/><\/figure><div class=\"wp-block-media-text__content\">\n<p class=\"has-vivid-red-color has-text-color\" style=\"font-size:30px\"><strong>Peinture<\/strong><\/p>\n\n\n\n<p class=\"has-vivid-red-color has-text-color\" style=\"font-size:30px\"><strong>Echange de pratiques<\/strong><\/p>\n<\/div><\/div>\n\n\n\n<h3 class=\"wp-block-heading\">C&rsquo;est un lieu de d\u00e9couverte et de partage autour de&nbsp; la cr\u00e9ativit\u00e9 artistique. Les techniques de dessin, acrylique, pastel sec, &nbsp;aquarelle, encre, collage, ainsi que les techniques permettant d&rsquo;acc\u00e9der au 3 D sont exp\u00e9riment\u00e9es.<\/h3>\n\n\n\n<ul>\n<li>\n<h2><span style=\"color: #0000ff;\"><strong><span style=\"color: #3366ff;\">EXPRESSIONS ARTISTIQUES &#8211; <span style=\"color: #ff9900;\">Ancien Coll\u00e8ge<\/span>&nbsp; <span style=\"color: #ff9900;\">Fayence<\/span><\/span><\/strong><\/span><\/h2>\n<\/li>\n<\/ul>\n\n\n\n<h3 class=\"wp-block-heading\"><strong><span style=\"color: #000000;\">Le jeudi&nbsp; &nbsp;de 14h00 \u00e0 17h30 &#8211;&nbsp; D\u00e8s 16 ans<\/span><\/strong><\/h3>\n\n\n\n<h3 class=\"wp-block-heading\"><strong><span style=\"color: #99cc00;\">\u21d2 Monique TESSOT: <\/span>06 23 81 26 88<\/strong><\/h3>\n\n\n\n<h4 class=\"wp-block-heading has-vivid-red-color has-text-color\" style=\"font-size:30px\"><strong>Tarif : 25<sup>\u20ac <\/sup>\/an + 30\u20ac adh\u00e9sion<\/strong><\/h4>\n","protected":false},"excerpt":{"rendered":"<p>Peinture Echange de pratiques C&rsquo;est un lieu de d\u00e9couverte et de partage autour de&nbsp; la cr\u00e9ativit\u00e9 artistique. Les techniques de dessin, acrylique, pastel sec, &nbsp;aquarelle, encre, collage, ainsi que les techniques permettant d&rsquo;acc\u00e9der au 3 D sont exp\u00e9riment\u00e9es. Le jeudi&nbsp; &nbsp;de 14h00 \u00e0 17h30 &#8211;&nbsp; D\u00e8s 16 ans \u21d2 Monique TESSOT: 06 23 81 26&hellip; <a href=\"http:\/\/foyerruralfayencetourrettes.org\/index.php\/activites\/creations\/atelier-dexpressions-artistiques\/\" class=\"more-link\">Lire la suite <span class=\"screen-reader-text\">EXPRESSION ARTISTIQUE<\/span><\/a><\/p>\n","protected":false},"author":1,"featured_media":0,"parent":812,"menu_order":4,"comment_status":"closed","ping_status":"closed","template":"","meta":[],"_links":{"self":[{"href":"http:\/\/foyerruralfayencetourrettes.org\/index.php\/wp-json\/wp\/v2\/pages\/510"}],"collection":[{"href":"http:\/\/foyerruralfayencetourrettes.org\/index.php\/wp-json\/wp\/v2\/pages"}],"about":[{"href":"http:\/\/foyerruralfayencetourrettes.org\/index.php\/wp-json\/wp\/v2\/types\/page"}],"author":[{"embeddable":true,"href":"http:\/\/foyerruralfayencetourrettes.org\/index.php\/wp-json\/wp\/v2\/users\/1"}],"replies":[{"embeddable":true,"href":"http:\/\/foyerruralfayencetourrettes.org\/index.php\/wp-json\/wp\/v2\/comments?post=510"}],"version-history":[{"count":20,"href":"http:\/\/foyerruralfayencetourrettes.org\/index.php\/wp-json\/wp\/v2\/pages\/510\/revisions"}],"predecessor-version":[{"id":4508,"href":"http:\/\/foyerruralfayencetourrettes.org\/index.php\/wp-json\/wp\/v2\/pages\/510\/revisions\/4508"}],"up":[{"embeddable":true,"href":"http:\/\/foyerruralfayencetourrettes.org\/index.php\/wp-json\/wp\/v2\/pages\/812"}],"wp:attachment":[{"href":"http:\/\/foyerruralfayencetourrettes.org\/index.php\/wp-json\/wp\/v2\/media?parent=510"}],"curies":[{"name":"wp","href":"https:\/\/api.w.org\/{rel}","templated":true}]}}